{"id":16,"date":"2025-04-10T18:03:55","date_gmt":"2025-04-10T16:03:55","guid":{"rendered":"https:\/\/zeitpflege.com\/web\/?page_id=16"},"modified":"2025-04-17T02:32:52","modified_gmt":"2025-04-17T00:32:52","slug":"impressum","status":"publish","type":"page","link":"https:\/\/zeitpflege.com\/?page_id=16","title":{"rendered":"Impressum"},"content":{"rendered":"\n<p class=\"has-theme-palette-3-color has-text-color has-link-color has-large-font-size wp-elements-1 wp-block-paragraph\" style=\"padding-right:20px;padding-left:20px\"><strong>Impressum<\/strong><\/p>\n\n\n\n<p class=\"has-theme-palette-3-color has-text-color has-link-color has-medium-font-size wp-elements-2 wp-block-paragraph\" style=\"padding-right:20px;padding-left:20px\">Angaben gem\u00e4\u00df \u00a7\u202f5 TMG<\/p>\n\n\n\n<p class=\"has-theme-palette-3-color has-text-color has-link-color has-medium-font-size wp-elements-3 wp-block-paragraph\" style=\"padding-right:20px;padding-left:20px\">Katharina Ecker \u2013 ZEITPFLEGE<br>Fritz-Reuter-Stra\u00dfe 3<br>67227 Frankenthal<br>Deutschland<\/p>\n\n\n\n<p class=\"has-theme-palette-3-color has-text-color has-link-color has-large-font-size wp-elements-4 wp-block-paragraph\" style=\"padding-right:20px;padding-left:20px\"><strong>Kontakt:<\/strong><\/p>\n\n\n\n<p class=\"has-theme-palette-3-color has-text-color has-link-color has-medium-font-size wp-elements-5 wp-block-paragraph\" style=\"padding-right:20px;padding-left:20px\">Telefon: +49 176 20764149<br>E-Mail: kontakt@zeitpflege.com<br>Webseite: www.zeitpflege.com<\/p>\n\n\n\n<p class=\"has-theme-palette-3-color has-text-color has-link-color has-large-font-size wp-elements-6 wp-block-paragraph\" style=\"padding-right:20px;padding-left:20px\"><strong>EU-Streitschlichtung<\/strong><\/p>\n\n\n\n<p class=\"has-theme-palette-3-color has-text-color has-link-color has-medium-font-size wp-elements-7 wp-block-paragraph\" style=\"padding-right:20px;padding-left:20px\">Die Europ\u00e4ische Kommission stellt eine Plattform zur Online-Streitbeilegung (OS) bereit:<br>https:\/\/ec.europa.eu\/consumers\/odr\/<br>Unsere E-Mail-Adresse finden Sie oben.<\/p>\n\n\n\n<p class=\"has-theme-palette-3-color has-text-color has-link-color has-medium-font-size wp-elements-8 wp-block-paragraph\" style=\"padding-right:20px;padding-left:20px\">Unsere E-Mail-Adresse finden Sie oben.<\/p>\n\n\n\n<p class=\"has-theme-palette-3-color has-text-color has-link-color has-large-font-size wp-elements-9 wp-block-paragraph\" style=\"padding-right:20px;padding-left:20px\"><strong>Haftung f\u00fcr Inhalte<\/strong><\/p>\n\n\n\n<p class=\"has-theme-palette-3-color has-text-color has-link-color has-medium-font-size wp-elements-10 wp-block-paragraph\">Als Diensteanbieter sind wir gem\u00e4\u00df \u00a7\u202f7 Abs.\u202f1 TMG f\u00fcr eigene Inhalte auf diesen Seiten nach den allgemeinen Gesetzen verantwortlich.<\/p>\n\n\n\n<p class=\"has-theme-palette-3-color has-text-color has-link-color has-medium-font-size wp-elements-11 wp-block-paragraph\">Nach \u00a7\u00a7\u202f8 bis 10 TMG sind wir jedoch nicht verpflichtet, \u00fcbermittelte oder gespeicherte fremde Informationen zu \u00fcberwachen oder nach Umst\u00e4nden zu forschen, die auf eine rechtswidrige T\u00e4tigkeit hinweisen.<\/p>\n\n\n\n<p class=\"has-theme-palette-3-color has-text-color has-link-color has-medium-font-size wp-elements-12 wp-block-paragraph\">Verpflichtungen zur Entfernung oder Sperrung der Nutzung von Informationen nach den allgemeinen Gesetzen bleiben hiervon unber\u00fchrt.<\/p>\n\n\n\n<p class=\"has-theme-palette-3-color has-text-color has-link-color wp-elements-13 wp-block-paragraph\">Eine diesbez\u00fcgliche Haftung ist jedoch erst ab dem Zeitpunkt der Kenntnis einer konkreten Rechtsverletzung m\u00f6glich.<\/p>\n\n\n\n<p class=\"has-theme-palette-3-color has-text-color has-link-color has-medium-font-size wp-elements-14 wp-block-paragraph\">Bei Bekanntwerden von entsprechenden Rechtsverletzungen entfernen wir diese Inhalte umgehend.<\/p>\n\n\n\n<p class=\"has-theme-palette-3-color has-text-color has-link-color has-large-font-size wp-elements-15 wp-block-paragraph\"><strong>Haftung f\u00fcr Links<\/strong><\/p>\n\n\n\n<p class=\"has-theme-palette-3-color has-text-color has-link-color has-medium-font-size wp-elements-16 wp-block-paragraph\">Unser Angebot enth\u00e4lt Links zu externen Webseiten Dritter, auf deren Inhalte wir keinen Einfluss haben.<\/p>\n\n\n\n<p class=\"has-theme-palette-3-color has-text-color has-link-color has-medium-font-size wp-elements-17 wp-block-paragraph\">Deshalb \u00fcbernehmen wir f\u00fcr diese fremden Inhalte keine Gew\u00e4hr.<\/p>\n\n\n\n<p class=\"has-theme-palette-3-color has-text-color has-link-color has-medium-font-size wp-elements-18 wp-block-paragraph\">F\u00fcr die Inhalte der verlinkten Seiten ist stets der jeweilige Anbieter oder Betreiber verantwortlich.<\/p>\n\n\n\n<p class=\"has-theme-palette-3-color has-text-color has-link-color has-medium-font-size wp-elements-19 wp-block-paragraph\">Zum Zeitpunkt der Verlinkung waren keine Rechtsverst\u00f6\u00dfe erkennbar.<\/p>\n\n\n\n<p class=\"has-theme-palette-3-color has-text-color has-link-color has-medium-font-size wp-elements-20 wp-block-paragraph\">Eine permanente inhaltliche Kontrolle ist jedoch ohne konkrete Anhaltspunkte nicht zumutbar.<\/p>\n\n\n\n<p class=\"has-theme-palette-3-color has-text-color has-link-color has-medium-font-size wp-elements-21 wp-block-paragraph\">Bei Bekanntwerden von Rechtsverletzungen entfernen wir derartige Links umgehend.<\/p>\n\n\n\n<p class=\"has-theme-palette-3-color has-text-color has-link-color has-large-font-size wp-elements-22 wp-block-paragraph\"><strong>Urheberrecht<\/strong><\/p>\n\n\n\n<p class=\"has-theme-palette-3-color has-text-color has-link-color has-medium-font-size wp-elements-23 wp-block-paragraph\" style=\"padding-top:4px;padding-bottom:4px\">Die durch die Seitenbetreiber erstellten Inhalte und Werke auf diesen Seiten unterliegen dem deutschen Urheberrecht.<\/p>\n\n\n\n<p class=\"has-theme-palette-3-color has-text-color has-link-color has-medium-font-size wp-elements-24 wp-block-paragraph\" style=\"padding-top:4px;padding-bottom:4px\">Vervielf\u00e4ltigung, Bearbeitung, Verbreitung und jede Art der Verwertung au\u00dferhalb der Grenzen des Urheberrechts bed\u00fcrfen der schriftlichen Zustimmung des jeweiligen Autors bzw. Erstellers.<\/p>\n\n\n\n<p class=\"has-theme-palette-3-color has-text-color has-link-color has-medium-font-size wp-elements-25 wp-block-paragraph\" style=\"padding-top:4px;padding-bottom:4px\">Downloads und Kopien dieser Seite sind nur f\u00fcr den privaten, nicht kommerziellen Gebrauch gestattet.<\/p>\n\n\n\n<p class=\"has-theme-palette-3-color has-text-color has-link-color has-medium-font-size wp-elements-26 wp-block-paragraph\" style=\"padding-top:4px;padding-bottom:4px\">Soweit Inhalte nicht vom Betreiber erstellt wurden, werden die Urheberrechte Dritter beachtet und entsprechend gekennzeichnet.<\/p>\n\n\n\n<p class=\"has-theme-palette-3-color has-text-color has-link-color has-medium-font-size wp-elements-27 wp-block-paragraph\" style=\"padding-top:4px;padding-bottom:4px\">Sollten Sie trotzdem auf eine Urheberrechtsverletzung aufmerksam werden, bitten wir um einen Hinweis.<\/p>\n\n\n\n<p class=\"has-theme-palette-3-color has-text-color has-link-color has-medium-font-size wp-elements-28 wp-block-paragraph\" style=\"padding-top:4px;padding-bottom:4px\">Bei Bekanntwerden von Rechtsverletzungen entfernen wir entsprechende Inhalte umgehend.<\/p>\n\n\n\n<p class=\"has-link-color has-medium-font-size wp-elements-29 wp-block-paragraph\" style=\"padding-top:4px;padding-bottom:4px\"><\/p>\n","protected":false},"excerpt":{"rendered":"<p>Impressum Angaben gem\u00e4\u00df \u00a7\u202f5 TMG Katharina Ecker \u2013 ZEITPFLEGEFritz-Reuter-Stra\u00dfe 367227 FrankenthalDeutschland Kontakt: Telefon: +49 176 20764149E-Mail: kontakt@zeitpflege.comWebseite: www.zeitpflege.com EU-Streitschlichtung Die Europ\u00e4ische Kommission stellt eine Plattform zur Online-Streitbeilegung (OS) bereit:https:\/\/ec.europa.eu\/consumers\/odr\/Unsere E-Mail-Adresse finden Sie oben. Unsere E-Mail-Adresse finden Sie oben. Haftung f\u00fcr Inhalte Als Diensteanbieter sind wir gem\u00e4\u00df \u00a7\u202f7 Abs.\u202f1 TMG f\u00fcr eigene Inhalte auf diesen Seiten&#8230;<\/p>\n","protected":false},"author":1,"featured_media":0,"parent":0,"menu_order":0,"comment_status":"closed","ping_status":"closed","template":"","meta":{"_kad_post_transparent":"","_kad_post_title":"","_kad_post_layout":"","_kad_post_sidebar_id":"","_kad_post_content_style":"","_kad_post_vertical_padding":"","_kad_post_feature":"","_kad_post_feature_position":"","_kad_post_header":false,"_kad_post_footer":false,"footnotes":""},"class_list":["post-16","page","type-page","status-publish","hentry"],"yoast_head":"<!-- This site is optimized with the Yoast SEO plugin v25.1 - https:\/\/yoast.com\/wordpress\/plugins\/seo\/ -->\n<title>Impressum - zeitpflege.com<\/title>\n<meta name=\"robots\" content=\"index, follow, max-snippet:-1, max-image-preview:large, max-video-preview:-1\" \/>\n<link rel=\"canonical\" href=\"https:\/\/zeitpflege.com\/?page_id=16\" \/>\n<meta property=\"og:locale\" content=\"de_DE\" \/>\n<meta property=\"og:type\" content=\"article\" \/>\n<meta property=\"og:title\" content=\"Impressum - zeitpflege.com\" \/>\n<meta property=\"og:description\" content=\"Impressum Angaben gem\u00e4\u00df \u00a7\u202f5 TMG Katharina Ecker \u2013 ZEITPFLEGEFritz-Reuter-Stra\u00dfe 367227 FrankenthalDeutschland Kontakt: Telefon: +49 176 20764149E-Mail: kontakt@zeitpflege.comWebseite: www.zeitpflege.com EU-Streitschlichtung Die Europ\u00e4ische Kommission stellt eine Plattform zur Online-Streitbeilegung (OS) bereit:https:\/\/ec.europa.eu\/consumers\/odr\/Unsere E-Mail-Adresse finden Sie oben. Unsere E-Mail-Adresse finden Sie oben. Haftung f\u00fcr Inhalte Als Diensteanbieter sind wir gem\u00e4\u00df \u00a7\u202f7 Abs.\u202f1 TMG f\u00fcr eigene Inhalte auf diesen Seiten...\" \/>\n<meta property=\"og:url\" content=\"https:\/\/zeitpflege.com\/?page_id=16\" \/>\n<meta property=\"og:site_name\" content=\"zeitpflege.com\" \/>\n<meta property=\"article:publisher\" content=\"https:\/\/www.facebook.com\/profile.php?id=61572543213609&amp;locale=de_DE\" \/>\n<meta property=\"article:modified_time\" content=\"2025-04-17T00:32:52+00:00\" \/>\n<meta name=\"twitter:card\" content=\"summary_large_image\" \/>\n<meta name=\"twitter:label1\" content=\"Gesch\u00e4tzte Lesezeit\" \/>\n\t<meta name=\"twitter:data1\" content=\"2\u00a0Minuten\" \/>\n<script type=\"application\/ld+json\" class=\"yoast-schema-graph\">{\"@context\":\"https:\/\/schema.org\",\"@graph\":[{\"@type\":\"WebPage\",\"@id\":\"https:\/\/zeitpflege.com\/?page_id=16\",\"url\":\"https:\/\/zeitpflege.com\/?page_id=16\",\"name\":\"Impressum - zeitpflege.com\",\"isPartOf\":{\"@id\":\"https:\/\/zeitpflege.com\/#website\"},\"datePublished\":\"2025-04-10T16:03:55+00:00\",\"dateModified\":\"2025-04-17T00:32:52+00:00\",\"breadcrumb\":{\"@id\":\"https:\/\/zeitpflege.com\/?page_id=16#breadcrumb\"},\"inLanguage\":\"de\",\"potentialAction\":[{\"@type\":\"ReadAction\",\"target\":[\"https:\/\/zeitpflege.com\/?page_id=16\"]}]},{\"@type\":\"BreadcrumbList\",\"@id\":\"https:\/\/zeitpflege.com\/?page_id=16#breadcrumb\",\"itemListElement\":[{\"@type\":\"ListItem\",\"position\":1,\"name\":\"Startseite\",\"item\":\"https:\/\/zeitpflege.com\/\"},{\"@type\":\"ListItem\",\"position\":2,\"name\":\"Impressum\"}]},{\"@type\":\"WebSite\",\"@id\":\"https:\/\/zeitpflege.com\/#website\",\"url\":\"https:\/\/zeitpflege.com\/\",\"name\":\"zeitpflege.com\",\"description\":\"\",\"publisher\":{\"@id\":\"https:\/\/zeitpflege.com\/#organization\"},\"potentialAction\":[{\"@type\":\"SearchAction\",\"target\":{\"@type\":\"EntryPoint\",\"urlTemplate\":\"https:\/\/zeitpflege.com\/?s={search_term_string}\"},\"query-input\":{\"@type\":\"PropertyValueSpecification\",\"valueRequired\":true,\"valueName\":\"search_term_string\"}}],\"inLanguage\":\"de\"},{\"@type\":\"Organization\",\"@id\":\"https:\/\/zeitpflege.com\/#organization\",\"name\":\"ZEITPFLEGE \u2013 Betreuung mit Herz und Verstand\",\"url\":\"https:\/\/zeitpflege.com\/\",\"logo\":{\"@type\":\"ImageObject\",\"inLanguage\":\"de\",\"@id\":\"https:\/\/zeitpflege.com\/#\/schema\/logo\/image\/\",\"url\":\"https:\/\/zeitpflege.com\/wp-content\/uploads\/2025\/04\/cropped-Zeitpflege-Logo-scaled-1.jpg\",\"contentUrl\":\"https:\/\/zeitpflege.com\/wp-content\/uploads\/2025\/04\/cropped-Zeitpflege-Logo-scaled-1.jpg\",\"width\":2559,\"height\":1020,\"caption\":\"ZEITPFLEGE \u2013 Betreuung mit Herz und Verstand\"},\"image\":{\"@id\":\"https:\/\/zeitpflege.com\/#\/schema\/logo\/image\/\"},\"sameAs\":[\"https:\/\/www.facebook.com\/profile.php?id=61572543213609&locale=de_DE\",\"https:\/\/www.instagram.com\/zeit_pflege\/\"]}]}<\/script>\n<!-- \/ Yoast SEO plugin. -->","yoast_head_json":{"title":"Impressum - zeitpflege.com","robots":{"index":"index","follow":"follow","max-snippet":"max-snippet:-1","max-image-preview":"max-image-preview:large","max-video-preview":"max-video-preview:-1"},"canonical":"https:\/\/zeitpflege.com\/?page_id=16","og_locale":"de_DE","og_type":"article","og_title":"Impressum - zeitpflege.com","og_description":"Impressum Angaben gem\u00e4\u00df \u00a7\u202f5 TMG Katharina Ecker \u2013 ZEITPFLEGEFritz-Reuter-Stra\u00dfe 367227 FrankenthalDeutschland Kontakt: Telefon: +49 176 20764149E-Mail: kontakt@zeitpflege.comWebseite: www.zeitpflege.com EU-Streitschlichtung Die Europ\u00e4ische Kommission stellt eine Plattform zur Online-Streitbeilegung (OS) bereit:https:\/\/ec.europa.eu\/consumers\/odr\/Unsere E-Mail-Adresse finden Sie oben. Unsere E-Mail-Adresse finden Sie oben. Haftung f\u00fcr Inhalte Als Diensteanbieter sind wir gem\u00e4\u00df \u00a7\u202f7 Abs.\u202f1 TMG f\u00fcr eigene Inhalte auf diesen Seiten...","og_url":"https:\/\/zeitpflege.com\/?page_id=16","og_site_name":"zeitpflege.com","article_publisher":"https:\/\/www.facebook.com\/profile.php?id=61572543213609&locale=de_DE","article_modified_time":"2025-04-17T00:32:52+00:00","twitter_card":"summary_large_image","twitter_misc":{"Gesch\u00e4tzte Lesezeit":"2\u00a0Minuten"},"schema":{"@context":"https:\/\/schema.org","@graph":[{"@type":"WebPage","@id":"https:\/\/zeitpflege.com\/?page_id=16","url":"https:\/\/zeitpflege.com\/?page_id=16","name":"Impressum - zeitpflege.com","isPartOf":{"@id":"https:\/\/zeitpflege.com\/#website"},"datePublished":"2025-04-10T16:03:55+00:00","dateModified":"2025-04-17T00:32:52+00:00","breadcrumb":{"@id":"https:\/\/zeitpflege.com\/?page_id=16#breadcrumb"},"inLanguage":"de","potentialAction":[{"@type":"ReadAction","target":["https:\/\/zeitpflege.com\/?page_id=16"]}]},{"@type":"BreadcrumbList","@id":"https:\/\/zeitpflege.com\/?page_id=16#breadcrumb","itemListElement":[{"@type":"ListItem","position":1,"name":"Startseite","item":"https:\/\/zeitpflege.com\/"},{"@type":"ListItem","position":2,"name":"Impressum"}]},{"@type":"WebSite","@id":"https:\/\/zeitpflege.com\/#website","url":"https:\/\/zeitpflege.com\/","name":"zeitpflege.com","description":"","publisher":{"@id":"https:\/\/zeitpflege.com\/#organization"},"potentialAction":[{"@type":"SearchAction","target":{"@type":"EntryPoint","urlTemplate":"https:\/\/zeitpflege.com\/?s={search_term_string}"},"query-input":{"@type":"PropertyValueSpecification","valueRequired":true,"valueName":"search_term_string"}}],"inLanguage":"de"},{"@type":"Organization","@id":"https:\/\/zeitpflege.com\/#organization","name":"ZEITPFLEGE \u2013 Betreuung mit Herz und Verstand","url":"https:\/\/zeitpflege.com\/","logo":{"@type":"ImageObject","inLanguage":"de","@id":"https:\/\/zeitpflege.com\/#\/schema\/logo\/image\/","url":"https:\/\/zeitpflege.com\/wp-content\/uploads\/2025\/04\/cropped-Zeitpflege-Logo-scaled-1.jpg","contentUrl":"https:\/\/zeitpflege.com\/wp-content\/uploads\/2025\/04\/cropped-Zeitpflege-Logo-scaled-1.jpg","width":2559,"height":1020,"caption":"ZEITPFLEGE \u2013 Betreuung mit Herz und Verstand"},"image":{"@id":"https:\/\/zeitpflege.com\/#\/schema\/logo\/image\/"},"sameAs":["https:\/\/www.facebook.com\/profile.php?id=61572543213609&locale=de_DE","https:\/\/www.instagram.com\/zeit_pflege\/"]}]}},"_links":{"self":[{"href":"https:\/\/zeitpflege.com\/index.php?rest_route=\/wp\/v2\/pages\/16","targetHints":{"allow":["GET"]}}],"collection":[{"href":"https:\/\/zeitpflege.com\/index.php?rest_route=\/wp\/v2\/pages"}],"about":[{"href":"https:\/\/zeitpflege.com\/index.php?rest_route=\/wp\/v2\/types\/page"}],"author":[{"embeddable":true,"href":"https:\/\/zeitpflege.com\/index.php?rest_route=\/wp\/v2\/users\/1"}],"replies":[{"embeddable":true,"href":"https:\/\/zeitpflege.com\/index.php?rest_route=%2Fwp%2Fv2%2Fcomments&post=16"}],"version-history":[{"count":10,"href":"https:\/\/zeitpflege.com\/index.php?rest_route=\/wp\/v2\/pages\/16\/revisions"}],"predecessor-version":[{"id":286,"href":"https:\/\/zeitpflege.com\/index.php?rest_route=\/wp\/v2\/pages\/16\/revisions\/286"}],"wp:attachment":[{"href":"https:\/\/zeitpflege.com\/index.php?rest_route=%2Fwp%2Fv2%2Fmedia&parent=16"}],"curies":[{"name":"wp","href":"https:\/\/api.w.org\/{rel}","templated":true}]}}